{"id":3161,"date":"2024-06-24T11:03:29","date_gmt":"2024-06-24T11:03:29","guid":{"rendered":"https:\/\/www.kamenityvrch.cz\/?page_id=3161"},"modified":"2024-08-25T07:41:55","modified_gmt":"2024-08-25T07:41:55","slug":"inovace-v-hiporehabilitaci-v-socialni-praxi","status":"publish","type":"page","link":"https:\/\/www.kamenityvrch.cz\/index.php\/inovace-v-hiporehabilitaci-v-socialni-praxi\/","title":{"rendered":"Inovace v hiporehabilitaci v soci\u00e1ln\u00ed praxi"},"content":{"rendered":"\n<p>V letech 2023-2024 prob\u011bhl projekt <strong><em>Spolupr\u00e1ce p\u0159i inovaci hiporehabilitace v soci\u00e1ln\u00ed praxi se zam\u011b\u0159en\u00edm na rodiny s d\u011btmi se specifick\u00fdmi pot\u0159ebami<\/em><\/strong>. Projekt realizovala organizace&nbsp;<a href=\"https:\/\/www.hipojupiter.cz\/\" target=\"_blank\" rel=\"noreferrer noopener\">Hiporehabilitace Jupiter, z.s.<\/a> s partnery projektu&nbsp;<a href=\"http:\/\/vladykuvdvur.cz\/\" target=\"_blank\" rel=\"noreferrer noopener\">Vladyk\u016fv Dv\u016fr, z.s<\/a> a <a href=\"http:\/\/www.kamenityvrch.cz\">Kamenit\u00fd vrch, z.s.<\/a> Spolupr\u00e1ce organizac\u00ed byla umo\u017en\u011bna d\u00edky finan\u010dn\u00ed podpo\u0159e Evropsk\u00e9 unie a Opera\u010dn\u00edmu programu Zam\u011bstnanost plus.<\/p>\n\n\n\n<p><strong>Z\u00edskan\u00e9 know-how v tomto projektu, v\u010detn\u011b nov\u011b vytvo\u0159en\u00fdch slu\u017eeb, je pln\u011b p\u0159enositeln\u00e9 do dal\u0161\u00edch organizac\u00ed. V\u0161echny t\u0159i zapojen\u00e9 organizace jsou st\u0159ediska praktick\u00e9 v\u00fduky \u010cesk\u00e9 hiporehabilita\u010dn\u00ed spole\u010dnosti a vytvo\u0159en\u00e9 know-how p\u0159ed\u00e1vaj\u00ed d\u00e1l student\u016fm hiporehabilitace a odborn\u00e9 ve\u0159ejnosti.<\/strong><\/p>\n\n\n\n<figure class=\"wp-block-image size-large\"><img loading=\"lazy\" decoding=\"async\" width=\"1024\" height=\"306\" src=\"https:\/\/www.kamenityvrch.cz\/wp-content\/uploads\/2024\/08\/EU-FINANCOVANO-Barevne-1-1024x306.png\" alt=\"\" class=\"wp-image-3283\" srcset=\"https:\/\/www.kamenityvrch.cz\/wp-content\/uploads\/2024\/08\/EU-FINANCOVANO-Barevne-1-1024x306.png 1024w, https:\/\/www.kamenityvrch.cz\/wp-content\/uploads\/2024\/08\/EU-FINANCOVANO-Barevne-1-300x90.png 300w, https:\/\/www.kamenityvrch.cz\/wp-content\/uploads\/2024\/08\/EU-FINANCOVANO-Barevne-1-768x230.png 768w, https:\/\/www.kamenityvrch.cz\/wp-content\/uploads\/2024\/08\/EU-FINANCOVANO-Barevne-1-1536x460.png 1536w, https:\/\/www.kamenityvrch.cz\/wp-content\/uploads\/2024\/08\/EU-FINANCOVANO-Barevne-1-2048x613.png 2048w\" sizes=\"(max-width: 1024px) 100vw, 1024px\" \/><\/figure>\n\n\n\n<h2 class=\"wp-block-heading\">Hlavn\u00ed c\u00edle projektu<\/h2>\n\n\n\n<p>\u25cf vytvo\u0159it inovativn\u00ed slu\u017eby v r\u00e1mci hiporehabilitace zam\u011b\u0159en\u00e9 na rodi\u010de a pe\u010duj\u00edc\u00ed,<br>\u25cf roz\u0161\u00ed\u0159it pov\u011bdom\u00ed o \u00fa\u010dinnosti hiporehabilitace p\u0159i pr\u00e1ci s rodinou mezi klientskou a odbornou<br>ve\u0159ejnost<br>\u25cf navrhnout a otestovat zp\u016fsob, jak je mo\u017en\u00e9 v organizac\u00edch poskytuj\u00edc\u00edch hiporehabilitaci mapovat pot\u0159eby c\u00edlov\u00e9 skupiny i pot\u0159eby intern\u00ed, zkvalit\u0148ovat slu\u017eby a produkty prost\u0159ednictv\u00edm \u0159\u00edzen\u00e9ho designu slu\u017eeb pomoc\u00ed metody Human Centered Design (HCD), mapovat a analyzovat v\u00fdstupy poskytovan\u00fdch slu\u017eeb a formovat prost\u0159ed\u00ed, ve kter\u00e9m se otev\u00edraj\u00ed nov\u00e9 p\u0159\u00edle\u017eitosti pro dal\u0161\u00ed rozvoj.<\/p>\n\n\n\n<h2 class=\"wp-block-heading\">Poj\u010fte do toho s n\u00e1mi!<\/h2>\n\n\n\n<p>Projekt p\u0159in\u00e1\u0161\u00ed inovativn\u00ed a \u010d\u00edm d\u00e1l v\u00edc pot\u0159ebnou podporu pro rodiny s d\u011btmi se specifick\u00fdmi pot\u0159ebami. Otev\u00edr\u00e1 nov\u00e9 cesty porozum\u011bn\u00ed, sd\u00edlen\u00ed a zlep\u0161en\u00ed kvality \u017eivota t\u011bchto rodin a jejich okol\u00ed. Iniciativa se sna\u017e\u00ed j\u00edt p\u0159\u00edkladem a je uk\u00e1zkou toho, jak mohou podobn\u00e9 organizace a ve\u0159ejn\u00e9 finance spole\u010dn\u011b p\u0159isp\u011bt k podpo\u0159e a pos\u00edlen\u00ed rodin v na\u0161\u00ed spole\u010dnosti. Zapojen\u00e9 organizace i po skon\u010den\u00ed projektu pokra\u010duj\u00ed v realizaci vytvo\u0159en\u00fdch slu\u017eeb, v osv\u011btov\u00e9 \u010dinnosti a p\u0159ed\u00e1v\u00e1n\u00ed vytvo\u0159en\u00e9ho know-how dal\u0161\u00edm poskytovatel\u016fm hiporehabilita\u010dn\u00edch slu\u017eeb ve spolupr\u00e1ci s \u010ceskou hiporehabilita\u010dn\u00ed spole\u010dnost\u00ed.<\/p>\n\n\n\n<p>Na\u0161e komunita sp\u0159\u00e1telen\u00fdch organizac\u00ed a jednotlivc\u016f se z\u00e1jmem o inovace v hiporehabilitaci se i nad\u00e1le roz\u0161i\u0159uje a sdru\u017euje ve facebookov\u00e9 skupin\u011b <a href=\"https:\/\/www.facebook.com\/groups\/2578393335650148\">Inovace v hiporehabilitaci<\/a>, kde vz\u00e1jemn\u011b sd\u00edl\u00edme zaj\u00edmav\u00e9 novinky a informace z oboru. R\u00e1di se domluv\u00edme tak\u00e9 na individu\u00e1ln\u00ed online konzultaci nebo na osobn\u00edm setk\u00e1n\u00ed v n\u011bkter\u00e9 ze zapojen\u00fdch organizac\u00ed, kde V\u00e1m m\u016f\u017eeme p\u0159edstavit na\u0161e postupy v praxi a spole\u010dn\u011b zjistit, jak by se daly vyu\u017e\u00edt i u v\u00e1s.<\/p>\n\n\n\n<h2 class=\"wp-block-heading\">Odkazy na podrobn\u011bj\u0161\u00ed informace o projektu:<\/h2>\n\n\n\n<div class=\"wp-block-buttons is-layout-flex wp-block-buttons-is-layout-flex\">\n<div class=\"wp-block-button\"><a class=\"wp-block-button__link wp-element-button\" href=\"http:\/\/www.kamenityvrch.cz\/wp-content\/uploads\/2024\/08\/Tiskova-zprava_-hiporehabilitace-2-1.pdf\">Tiskov\u00e1 zpr\u00e1va<\/a><\/div>\n\n\n\n<div class=\"wp-block-button\"><a class=\"wp-block-button__link wp-element-button\" href=\"https:\/\/www.kamenityvrch.cz\/wp-content\/uploads\/2024\/06\/Poster_inovace_nahled.pdf\">Poster z konference<\/a><\/div>\n\n\n\n<div class=\"wp-block-button\"><a class=\"wp-block-button__link wp-element-button\" href=\"http:\/\/www.kamenityvrch.cz\/wp-content\/uploads\/2024\/08\/Shrnujici_dokument_OPZ_prilohy.pdf\">Souhrnn\u00fd dokument<\/a><\/div>\n\n\n\n<div class=\"wp-block-button\"><a class=\"wp-block-button__link wp-element-button\" href=\"http:\/\/www.kamenityvrch.cz\/wp-content\/uploads\/2024\/08\/KRATKE-SHRNUTI-PROJEKTU_V3.pdf\">Shrnut\u00ed<\/a><\/div>\n<\/div>\n\n\n\n<h2 class=\"wp-block-heading\">Inspirace pro odborn\u00edky z oboru hiporehabilitace:<\/h2>\n\n\n\n<p>Inspirace pro zalo\u017een\u00ed a optimalizaci vnit\u0159n\u00edho \u0159\u00edzen\u00ed organizace:<br><a href=\"https:\/\/www.kamenityvrch.cz\/wp-content\/uploads\/2024\/05\/Projekt_1564_Interni-procesy_souhrnne.pdf\">Jak na pos\u00edlen\u00ed kapacit a kompetenc\u00ed<\/a> <br><a href=\"https:\/\/www.kamenityvrch.cz\/wp-content\/uploads\/2024\/05\/Rizeni_organizace_vyukovy_material_OPZ.pdf\">Jak na realizaci provozu hiporehabilitace<\/a><br><a href=\"http:\/\/www.kamenityvrch.cz\/wp-content\/uploads\/2024\/08\/Implementace-IT-programu-do-rizeni-organizace.pdf\">Implementace IT programu do \u0159\u00edzen\u00ed organizace<\/a><\/p>\n\n\n\n<p>N\u00e1vody na vytvo\u0159en\u00e9 slu\u017eby intervence a kurzy v hiporehabilitaci v soci\u00e1ln\u00ed praxi:<br><a href=\"http:\/\/www.kamenityvrch.cz\/wp-content\/uploads\/2024\/07\/Navod_krouzek_Kamenity_vrch.pdf\">Jak na rodinn\u00fd hiporehabilita\u010dn\u00ed krou\u017eek<\/a> <br><a href=\"http:\/\/www.kamenityvrch.cz\/wp-content\/uploads\/2024\/07\/Navod_tyden_Kamenity_vrch.pdf\">Jak na rodinn\u00fd hiporehabilita\u010dn\u00ed t\u00fdden<\/a> <br><a href=\"http:\/\/www.kamenityvrch.cz\/wp-content\/uploads\/2024\/08\/Navod_pobyt_Jupiter.pdf\">Jak na intenzivn\u00ed hiporehabilita\u010dn\u00ed pobyt<\/a><br><a href=\"http:\/\/www.kamenityvrch.cz\/wp-content\/uploads\/2024\/08\/KLUB-RODICU-NAVOD.pdf\">Jak na klub rodi\u010d\u016f<\/a><br><a href=\"http:\/\/www.kamenityvrch.cz\/wp-content\/uploads\/2024\/08\/Letak-nasich-sluzeb.pdf\">P\u0159\u00edklad let\u00e1ku na hiporehabilitaci v soci\u00e1ln\u00ed praxi<br><\/a><a href=\"http:\/\/www.kamenityvrch.cz\/wp-content\/uploads\/2024\/08\/Navod_workshop_OPZ_Kamenity_vrch-1-7.pdf\">Sylabus a dal\u0161\u00ed informace k workshopu Spolu, s ko\u0148mi <\/a><br><a href=\"http:\/\/www.kamenityvrch.cz\/wp-content\/uploads\/2024\/08\/Sylabus_Workshop-o-hiporehabilitaci.pdf\">Sylabus a dal\u0161\u00ed informace k Workshopu o hiporehabilitaci<\/a><\/p>\n\n\n\n<h2 class=\"wp-block-heading\">Nab\u00eddka pro odbornou i laickou ve\u0159ejnost:<\/h2>\n\n\n\n<p>Cht\u011bli byste se o hiporehabilitaci v soci\u00e1ln\u00ed praxi dozv\u011bd\u011bt v\u00edce? M\u00e1te klienty, zn\u00e1m\u00e9 nebo rodinn\u00e9 p\u0159\u00edslu\u0161n\u00edky, pro kter\u00e9 by tato metoda mohla b\u00fdt p\u0159\u00ednosn\u00e1? Nebo byste cht\u011bli za\u017e\u00edt a vyzkou\u0161et, jak hiporehabilitace funguje?<\/p>\n\n\n\n<p>V projektu jsme vytvo\u0159ili unik\u00e1tn\u00ed z\u00e1\u017eitkov\u00e9 <strong>workshopy o hiporehabilitaci<\/strong>, na kter\u00fdch v\u00e1s sezn\u00e1m\u00edme se v\u0161\u00edm, co v\u00e1s zaj\u00edm\u00e1. R\u00e1di v\u00e1m vysv\u011btl\u00edme teorii i uk\u00e1\u017eeme re\u00e1lnou hiporehabilita\u010dn\u00ed praxi.<\/p>\n\n\n\n<h2 class=\"wp-block-heading\">Napi\u0161te n\u00e1m!<\/h2>\n\n\n\n<p>Zaujal v\u00e1s n\u00e1\u0161 projekt a m\u011bli byste z\u00e1jem se k n\u00e1m p\u0159ipojit? Dejte n\u00e1m o sob\u011b v\u011bd\u011bt! R\u00e1di se s v\u00e1mi pod\u011bl\u00edme o na\u0161e zku\u0161enosti a domluv\u00edme se na budouc\u00ed spolupr\u00e1ci.<br>Kontakt pro dal\u0161\u00ed informace a spolupr\u00e1ci p\u0159i inovac\u00edch v hiporehabilitaci:<br>MUDr. Mark\u00e9ta Janatov\u00e1, Ph.D., e-mail marketa.janatova @ kamenityvrch.cz, tel. 776 643 102<\/p>\n\n\n\n<p><\/p>\n\n\n\n<figure class=\"wp-block-image size-large\"><img loading=\"lazy\" decoding=\"async\" width=\"1024\" height=\"662\" src=\"http:\/\/www.kamenityvrch.cz\/wp-content\/uploads\/2023\/06\/OPZ_publicita-1024x662.jpg\" alt=\"\" class=\"wp-image-2639\" srcset=\"https:\/\/www.kamenityvrch.cz\/wp-content\/uploads\/2023\/06\/OPZ_publicita-1024x662.jpg 1024w, https:\/\/www.kamenityvrch.cz\/wp-content\/uploads\/2023\/06\/OPZ_publicita-300x194.jpg 300w, https:\/\/www.kamenityvrch.cz\/wp-content\/uploads\/2023\/06\/OPZ_publicita-768x497.jpg 768w, https:\/\/www.kamenityvrch.cz\/wp-content\/uploads\/2023\/06\/OPZ_publicita.jpg 1211w\" sizes=\"(max-width: 1024px) 100vw, 1024px\" \/><\/figure>\n    <!-- sktbuilder starter --><script type=\"text\/javascript\" src=\"https:\/\/www.kamenityvrch.cz\/wp-content\/plugins\/skt-builder\/sktbuilder\/sktbuilder-frontend-starter.js\"><\/script><script type=\"text\/javascript\" src=\"https:\/\/www.kamenityvrch.cz\/wp-content\/plugins\/skt-builder\/sktbuilder-wordpress-driver.js\"><\/script><script type=\"text\/javascript\"> var starter = new SktbuilderStarter({\"mode\": \"prod\", \"skip\":[\"jquery\",\"underscore\",\"backbone\"],\"sktbuilderUrl\": \"https:\/\/www.kamenityvrch.cz\/wp-content\/plugins\/skt-builder\/sktbuilder\/\", \"driver\": new SktbuilderWordpressDriver({\"ajaxUrl\": \"https:\/\/www.kamenityvrch.cz\/wp-admin\/admin-ajax.php\", \"iframeUrl\": \"https:\/\/www.kamenityvrch.cz\/index.php\/inovace-v-hiporehabilitaci-v-socialni-praxi\/?sktbuilder=true\", \"pageId\": 3161, \"pages\": [{\"title\":\"Novinky\",\"url\":\"https:\\\/\\\/www.kamenityvrch.cz\\\/wp-admin\\\/post.php?post=102&action=sktbuilder\"}], \"page\": \"Inovace v hiporehabilitaci v soci\u00e1ln\u00ed praxi\" }) });<\/script><!-- end sktbuilder starter -->","protected":false},"excerpt":{"rendered":"<p>V letech 2023-2024 prob\u011bhl projekt Spolupr\u00e1ce p\u0159i inovaci hiporehabilitace v soci\u00e1ln\u00ed praxi se zam\u011b\u0159en\u00edm na rodiny s d\u011btmi se specifick\u00fdmi pot\u0159ebami. Projekt realizovala organizace&nbsp;Hiporehabilitace Jupiter, z.s. s partnery projektu&nbsp;Vladyk\u016fv Dv\u016fr, z.s a Kamenit\u00fd vrch, z.s. Spolupr\u00e1ce organizac\u00ed byla umo\u017en\u011bna d\u00edky finan\u010dn\u00ed podpo\u0159e Evropsk\u00e9 unie a Opera\u010dn\u00edmu programu Zam\u011bstnanost plus. Z\u00edskan\u00e9 know-how v tomto projektu, v\u010detn\u011b<br \/><a class=\"moretag\" href=\"https:\/\/www.kamenityvrch.cz\/index.php\/inovace-v-hiporehabilitaci-v-socialni-praxi\/\">+ Read More<\/a><\/p>\n","protected":false},"author":1,"featured_media":3168,"parent":0,"menu_order":0,"comment_status":"closed","ping_status":"closed","template":"templates\/page-nosidebar_template.php","meta":{"footnotes":""},"_links":{"self":[{"href":"https:\/\/www.kamenityvrch.cz\/index.php\/wp-json\/wp\/v2\/pages\/3161"}],"collection":[{"href":"https:\/\/www.kamenityvrch.cz\/index.php\/wp-json\/wp\/v2\/pages"}],"about":[{"href":"https:\/\/www.kamenityvrch.cz\/index.php\/wp-json\/wp\/v2\/types\/page"}],"author":[{"embeddable":true,"href":"https:\/\/www.kamenityvrch.cz\/index.php\/wp-json\/wp\/v2\/users\/1"}],"replies":[{"embeddable":true,"href":"https:\/\/www.kamenityvrch.cz\/index.php\/wp-json\/wp\/v2\/comments?post=3161"}],"version-history":[{"count":63,"href":"https:\/\/www.kamenityvrch.cz\/index.php\/wp-json\/wp\/v2\/pages\/3161\/revisions"}],"predecessor-version":[{"id":3322,"href":"https:\/\/www.kamenityvrch.cz\/index.php\/wp-json\/wp\/v2\/pages\/3161\/revisions\/3322"}],"wp:featuredmedia":[{"embeddable":true,"href":"https:\/\/www.kamenityvrch.cz\/index.php\/wp-json\/wp\/v2\/media\/3168"}],"wp:attachment":[{"href":"https:\/\/www.kamenityvrch.cz\/index.php\/wp-json\/wp\/v2\/media?parent=3161"}],"curies":[{"name":"wp","href":"https:\/\/api.w.org\/{rel}","templated":true}]}}