{"id":94,"date":"2019-06-03T23:13:37","date_gmt":"2019-06-03T23:13:37","guid":{"rendered":"http:\/\/www.kamenityvrch.cz\/?page_id=94"},"modified":"2025-09-19T11:09:51","modified_gmt":"2025-09-19T11:09:51","slug":"o-nas","status":"publish","type":"page","link":"https:\/\/www.kamenityvrch.cz\/","title":{"rendered":"O n\u00e1s"},"content":{"rendered":"\n<p>\u010cinnost neziskov\u00e9 organizace Kamenit\u00fd vrch, z. s. je zam\u011b\u0159ena na poskytov\u00e1n\u00ed hiporehabilitace a dal\u0161\u00edch aktivit pro d\u011bti i dosp\u011bl\u00e9 se specifick\u00fdmi pot\u0159ebami a jejich rodiny. P\u0159i rehabilita\u010dn\u00edch aktivit\u00e1ch vyu\u017e\u00edv\u00e1me hern\u00ed prvky a pozitivn\u00ed motivaci. D\u00e1le se v\u011bnujeme poradenstv\u00ed v oblasti rehabilitace a neform\u00e1ln\u00edmu vzd\u011bl\u00e1v\u00e1n\u00ed. Hiporehabilitaci a dal\u0161\u00ed aktivity s ko\u0148mi realizujeme na Praze-z\u00e1pad v obci \u010cernolice, ostatn\u00ed aktivity tak\u00e9 v Praze a ve St\u0159edo\u010desk\u00e9m kraji.<\/p>\n\n\n\n<p>V roce 2025 realizujeme projekt s n\u00e1zvem <a href=\"https:\/\/www.kamenityvrch.cz\/index.php\/hipoterapie\/kurzy-pro-rodiny\/\">Rodinn\u00fd kurz s hiporehabilitac\u00ed<\/a>,&nbsp;\u010d\u00edslo projektu 2025\/CAU\/PVP\/122 \/ MZDR 25304\/2024\/CAU. \u00da\u010dast je zdarma d\u00edky finan\u010dn\u00ed podpo\u0159e od MZ \u010cR v programu PVP 2025 \u2013&nbsp;Vyrovn\u00e1v\u00e1n\u00ed p\u0159\u00edle\u017eitost\u00ed pro ob\u010dany se zdravotn\u00edm posti\u017een\u00edm.<\/p>\n\n\n\n<p><\/p>\n\n\n\n<h2 class=\"wp-block-heading\">D\u011bkujeme za finan\u010dn\u00ed a v\u011bcnou podporu! <\/h2>\n\n\n<div class=\"wp-block-image\">\n<figure class=\"alignleft is-resized\"><img loading=\"lazy\" decoding=\"async\" width=\"736\" height=\"130\" src=\"https:\/\/www.kamenityvrch.cz\/wp-content\/uploads\/2022\/05\/logo_St\u0159edo\u010desk\u00fd-1.jpg\" alt=\"\" class=\"wp-image-2058\" style=\"width:374px;height:66px\" srcset=\"https:\/\/www.kamenityvrch.cz\/wp-content\/uploads\/2022\/05\/logo_St\u0159edo\u010desk\u00fd-1.jpg 736w, https:\/\/www.kamenityvrch.cz\/wp-content\/uploads\/2022\/05\/logo_St\u0159edo\u010desk\u00fd-1-300x53.jpg 300w\" sizes=\"(max-width: 736px) 100vw, 736px\" \/><\/figure><\/div>\n\n\n<figure class=\"wp-block-image is-resized\"><img loading=\"lazy\" decoding=\"async\" width=\"1024\" height=\"360\" src=\"http:\/\/www.kamenityvrch.cz\/wp-content\/uploads\/2022\/05\/logo-mzcr-1-1024x360.png\" alt=\"\" class=\"wp-image-2051\" style=\"aspect-ratio:2.875;width:322px;height:auto\" srcset=\"https:\/\/www.kamenityvrch.cz\/wp-content\/uploads\/2022\/05\/logo-mzcr-1-1024x360.png 1024w, https:\/\/www.kamenityvrch.cz\/wp-content\/uploads\/2022\/05\/logo-mzcr-1-300x105.png 300w, https:\/\/www.kamenityvrch.cz\/wp-content\/uploads\/2022\/05\/logo-mzcr-1-768x270.png 768w, https:\/\/www.kamenityvrch.cz\/wp-content\/uploads\/2022\/05\/logo-mzcr-1.png 1256w\" sizes=\"(max-width: 1024px) 100vw, 1024px\" \/><\/figure>\n\n\n\n<figure class=\"wp-block-image size-large is-resized\"><a href=\"https:\/\/www.kamenityvrch.cz\/index.php\/inovace-v-hiporehabilitaci-v-socialni-praxi\/\"><img loading=\"lazy\" decoding=\"async\" width=\"1024\" height=\"306\" src=\"https:\/\/www.kamenityvrch.cz\/wp-content\/uploads\/2024\/08\/EU-FINANCOVANO-Barevne-1024x306.png\" alt=\"\" class=\"wp-image-3279\" style=\"width:429px;height:auto\" srcset=\"https:\/\/www.kamenityvrch.cz\/wp-content\/uploads\/2024\/08\/EU-FINANCOVANO-Barevne-1024x306.png 1024w, https:\/\/www.kamenityvrch.cz\/wp-content\/uploads\/2024\/08\/EU-FINANCOVANO-Barevne-300x90.png 300w, https:\/\/www.kamenityvrch.cz\/wp-content\/uploads\/2024\/08\/EU-FINANCOVANO-Barevne-768x230.png 768w, https:\/\/www.kamenityvrch.cz\/wp-content\/uploads\/2024\/08\/EU-FINANCOVANO-Barevne-1536x460.png 1536w, https:\/\/www.kamenityvrch.cz\/wp-content\/uploads\/2024\/08\/EU-FINANCOVANO-Barevne-2048x613.png 2048w\" sizes=\"(max-width: 1024px) 100vw, 1024px\" \/><\/a><\/figure>\n\n\n\n<div class=\"wp-block-buttons is-layout-flex wp-block-buttons-is-layout-flex\">\n<div class=\"wp-block-button\"><a class=\"wp-block-button__link wp-element-button\" href=\"https:\/\/www.kamenityvrch.cz\/index.php\/inovace-v-hiporehabilitaci-v-socialni-praxi\/\">Str\u00e1nka projektu financovan\u00e9ho Evropskou uni\u00ed<\/a><\/div>\n<\/div>\n\n\n<p><!--StartFragment--><\/p>\n\n\n<figure class=\"wp-block-image is-resized\"><img loading=\"lazy\" decoding=\"async\" width=\"960\" height=\"720\" src=\"https:\/\/www.kamenityvrch.cz\/wp-content\/uploads\/2024\/04\/sponzoriKV.jpg\" alt=\"\" class=\"wp-image-2980\" style=\"width:521px;height:391px\" srcset=\"https:\/\/www.kamenityvrch.cz\/wp-content\/uploads\/2024\/04\/sponzoriKV.jpg 960w, https:\/\/www.kamenityvrch.cz\/wp-content\/uploads\/2024\/04\/sponzoriKV-300x225.jpg 300w, https:\/\/www.kamenityvrch.cz\/wp-content\/uploads\/2024\/04\/sponzoriKV-768x576.jpg 768w\" sizes=\"(max-width: 960px) 100vw, 960px\" \/><\/figure>\n\n\n\n<p> <br><\/p>\n\n\n\n<p><\/p>\n\n\n\n<p>Ing. Vladim\u00edr Janata, CSc.<br>MUDr. Tatiana Janatov\u00e1, CSc.<br>Ing. arch. Petr Voltr<br>Ing. arch. Old\u0159ich Kodeda<br>Ing. Ivan Hospod\u00e1r, MBA<br>Ing. Martina Klepalov\u00e1, PhD.<\/p>\n\n\n\n<p><em>Pokud i Vy chcete podpo\u0159it na\u0161e neziskov\u00e9 projekty pro d\u011bti a dosp\u011bl\u00e9 se zdravotn\u00edm znev\u00fdhodn\u011bn\u00edm, budeme r\u00e1di za finan\u010dn\u00ed dar na \u00fa\u010det 2101658740\/2010. I mal\u00e1 \u010d\u00e1stka pom\u016f\u017ee. Na dary m\u016f\u017eeme vystavit potvrzen\u00ed k ode\u010dtu ze z\u00e1kladu dan\u011b.<\/em><\/p>\n\n\n\n<h2 class=\"wp-block-heading\">D\u011bkujeme za spolupr\u00e1ci!<\/h2>\n\n\n\n<p><\/p>\n\n\n\n<p><a rel=\"noreferrer noopener\" aria-label=\" (otev\u0159e se na nov\u00e9 z\u00e1lo\u017ece)\" href=\"https:\/\/www.viacordis.cz\/\" target=\"_blank\">Via Cordis, z.\u00fa.<\/a><br><a rel=\"noreferrer noopener\" href=\"https:\/\/www.dobrichovickydomek.cz\/\" target=\"_blank\">St\u0159edisko voln\u00e9ho \u010dasu Dob\u0159ichovick\u00fd domek<\/a><br><a rel=\"noreferrer noopener\" href=\"http:\/\/www.flami.cz\/\" target=\"_blank\">Flami, z.s.<\/a> <br><a rel=\"noreferrer noopener\" aria-label=\"Hiporehabilitace Jupiter, st\u0159edisko praktick\u00e9 v\u00fduky \u010cHS (otev\u0159e se na nov\u00e9 z\u00e1lo\u017ece)\" href=\"http:\/\/hipojupiter.cz\/\" target=\"_blank\">Hiporehabilitace Jupiter, st\u0159edisko praktick\u00e9 v\u00fduky \u010cHS<\/a><br><a rel=\"noreferrer noopener\" href=\"http:\/\/www.jshobit.estranky.cz\/\" target=\"_blank\">JS Hobit Doma\u0161ov, st\u0159edisko doporu\u010den\u00e9 hiporehabilitace \u010cHS<\/a><br><a rel=\"noreferrer noopener\" href=\"https:\/\/www.certicizcernolic.cz\/\" target=\"_blank\">MC \u010cernolice<\/a><\/p>\n\n\n\n<a title=\"Kudyznudy.cz - tipy na v\u00fdlet\" href=\"https:\/\/www.kudyznudy.cz\/?utm_source=kzn&amp;utm_medium=partneri_kzn&amp;utm_campaign=banner\" target=\"_blank\" rel=\"noopener noreferrer\"> <img loading=\"lazy\" decoding=\"async\" width=\"150\" height=\"64\" alt=\"Kudyznudy.cz - tipy na v\u00fdlet\" src=\"https:\/\/www.kudyznudy.cz\/KzN\/media\/Onas\/bannery\/logo_kudyznudy.gif\" border=\"0\"> <\/a>\n\n\n    <!-- sktbuilder starter --><script type=\"text\/javascript\" src=\"https:\/\/www.kamenityvrch.cz\/wp-content\/plugins\/skt-builder\/sktbuilder\/sktbuilder-frontend-starter.js\"><\/script><script type=\"text\/javascript\" src=\"https:\/\/www.kamenityvrch.cz\/wp-content\/plugins\/skt-builder\/sktbuilder-wordpress-driver.js\"><\/script><script type=\"text\/javascript\"> var starter = new SktbuilderStarter({\"mode\": \"prod\", \"skip\":[\"jquery\",\"underscore\",\"backbone\"],\"sktbuilderUrl\": \"https:\/\/www.kamenityvrch.cz\/wp-content\/plugins\/skt-builder\/sktbuilder\/\", \"driver\": new SktbuilderWordpressDriver({\"ajaxUrl\": \"https:\/\/www.kamenityvrch.cz\/wp-admin\/admin-ajax.php\", \"iframeUrl\": \"https:\/\/www.kamenityvrch.cz\/?sktbuilder=true\", \"pageId\": 94, \"pages\": [{\"title\":\"Novinky\",\"url\":\"https:\\\/\\\/www.kamenityvrch.cz\\\/wp-admin\\\/post.php?post=102&action=sktbuilder\"}], \"page\": \"O n\u00e1s\" }) });<\/script><!-- end sktbuilder starter -->","protected":false},"excerpt":{"rendered":"<p>\u010cinnost neziskov\u00e9 organizace Kamenit\u00fd vrch, z. s. je zam\u011b\u0159ena na poskytov\u00e1n\u00ed hiporehabilitace a dal\u0161\u00edch aktivit pro d\u011bti i dosp\u011bl\u00e9 se specifick\u00fdmi pot\u0159ebami a jejich rodiny. P\u0159i rehabilita\u010dn\u00edch aktivit\u00e1ch vyu\u017e\u00edv\u00e1me hern\u00ed prvky a pozitivn\u00ed motivaci. D\u00e1le se v\u011bnujeme poradenstv\u00ed v oblasti rehabilitace a neform\u00e1ln\u00edmu vzd\u011bl\u00e1v\u00e1n\u00ed. Hiporehabilitaci a dal\u0161\u00ed aktivity s ko\u0148mi realizujeme na Praze-z\u00e1pad v obci<br \/><a class=\"moretag\" href=\"https:\/\/www.kamenityvrch.cz\/\">+ Read More<\/a><\/p>\n","protected":false},"author":1,"featured_media":0,"parent":0,"menu_order":0,"comment_status":"closed","ping_status":"closed","template":"templates\/page-fullwidth_template.php","meta":{"footnotes":""},"_links":{"self":[{"href":"https:\/\/www.kamenityvrch.cz\/index.php\/wp-json\/wp\/v2\/pages\/94"}],"collection":[{"href":"https:\/\/www.kamenityvrch.cz\/index.php\/wp-json\/wp\/v2\/pages"}],"about":[{"href":"https:\/\/www.kamenityvrch.cz\/index.php\/wp-json\/wp\/v2\/types\/page"}],"author":[{"embeddable":true,"href":"https:\/\/www.kamenityvrch.cz\/index.php\/wp-json\/wp\/v2\/users\/1"}],"replies":[{"embeddable":true,"href":"https:\/\/www.kamenityvrch.cz\/index.php\/wp-json\/wp\/v2\/comments?post=94"}],"version-history":[{"count":125,"href":"https:\/\/www.kamenityvrch.cz\/index.php\/wp-json\/wp\/v2\/pages\/94\/revisions"}],"predecessor-version":[{"id":3481,"href":"https:\/\/www.kamenityvrch.cz\/index.php\/wp-json\/wp\/v2\/pages\/94\/revisions\/3481"}],"wp:attachment":[{"href":"https:\/\/www.kamenityvrch.cz\/index.php\/wp-json\/wp\/v2\/media?parent=94"}],"curies":[{"name":"wp","href":"https:\/\/api.w.org\/{rel}","templated":true}]}}